{"id":1847,"date":"2026-03-10T11:30:23","date_gmt":"2026-03-10T11:30:23","guid":{"rendered":"https:\/\/divorciointeligente.com\/politica-de-privacidade\/"},"modified":"2026-03-11T10:48:44","modified_gmt":"2026-03-11T10:48:44","slug":"politica-de-privacidade","status":"publish","type":"page","link":"https:\/\/divorciointeligente.com\/pt-br\/politica-de-privacidade\/","title":{"rendered":"Pol\u00edtica de Privacidade"},"content":{"rendered":"\t\t<div data-elementor-type=\"wp-page\" data-elementor-id=\"1847\" class=\"elementor elementor-1847 elementor-1720\" data-elementor-post-type=\"page\">\n\t\t\t\t<div class=\"elementor-element elementor-element-6c34256 e-con-full e-flex e-con e-parent\" data-id=\"6c34256\" data-element_type=\"container\" data-e-type=\"container\" data-settings=\"{&quot;background_background&quot;:&quot;classic&quot;}\">\n\t\t\t\t<div class=\"elementor-element elementor-element-b0767e6 elementor-widget elementor-widget-heading\" data-id=\"b0767e6\" data-element_type=\"widget\" data-e-type=\"widget\" data-widget_type=\"heading.default\">\n\t\t\t\t<div class=\"elementor-widget-container\">\n\t\t\t\t\t<h1 class=\"elementor-heading-title elementor-size-default\">Pol\u00edtica de Privacidade\n<\/h1>\t\t\t\t<\/div>\n\t\t\t\t<\/div>\n\t\t<div class=\"elementor-element elementor-element-3fdd5e0 e-con-full e-flex e-con e-child\" data-id=\"3fdd5e0\" data-element_type=\"container\" data-e-type=\"container\" data-settings=\"{&quot;background_background&quot;:&quot;classic&quot;,&quot;position&quot;:&quot;absolute&quot;}\">\n\t\t\t\t<div class=\"elementor-element elementor-element-6e9baa4 elementor-icon-list--layout-inline elementor-list-item-link-full_width elementor-widget elementor-widget-icon-list\" data-id=\"6e9baa4\" data-element_type=\"widget\" data-e-type=\"widget\" data-widget_type=\"icon-list.default\">\n\t\t\t\t<div class=\"elementor-widget-container\">\n\t\t\t\t\t\t\t<ul class=\"elementor-icon-list-items elementor-inline-items\">\n\t\t\t\t\t\t\t<li class=\"elementor-icon-list-item elementor-inline-item\">\n\t\t\t\t\t\t\t\t\t\t\t<a href=\"https:\/\/divorciointeligente.com\/pt-br\/\">\n\n\t\t\t\t\t\t\t\t\t\t\t<span class=\"elementor-icon-list-text\">Inicio<\/span>\n\t\t\t\t\t\t\t\t\t\t\t<\/a>\n\t\t\t\t\t\t\t\t\t<\/li>\n\t\t\t\t\t\t\t\t<li class=\"elementor-icon-list-item elementor-inline-item\">\n\t\t\t\t\t\t\t\t\t\t\t<span class=\"elementor-icon-list-icon\">\n\t\t\t\t\t\t\t<i aria-hidden=\"true\" class=\"fas fa-chevron-right\"><\/i>\t\t\t\t\t\t<\/span>\n\t\t\t\t\t\t\t\t\t\t<span class=\"elementor-icon-list-text\">Pol\u00edtica de Privacidade<\/span>\n\t\t\t\t\t\t\t\t\t<\/li>\n\t\t\t\t\t\t<\/ul>\n\t\t\t\t\t\t<\/div>\n\t\t\t\t<\/div>\n\t\t\t\t<\/div>\n\t\t\t\t<\/div>\n\t\t<div class=\"elementor-element elementor-element-ebdb1a2 e-flex e-con-boxed e-con e-parent\" data-id=\"ebdb1a2\" data-element_type=\"container\" data-e-type=\"container\">\n\t\t\t\t\t<div class=\"e-con-inner\">\n\t\t\t\t<div class=\"elementor-element elementor-element-85c3709 elementor-widget elementor-widget-text-editor\" data-id=\"85c3709\" data-element_type=\"widget\" data-e-type=\"widget\" data-widget_type=\"text-editor.default\">\n\t\t\t\t<div class=\"elementor-widget-container\">\n\t\t\t\t\t\t\t\t\t<div class=\"elementor-element elementor-element-25099ca e-flex e-con-boxed wpr-particle-no wpr-jarallax-no wpr-parallax-no wpr-sticky-section-no e-con e-parent e-lazyloaded\" data-id=\"25099ca\" data-element_type=\"container\" data-e-type=\"container\"><div class=\"e-con-inner\"><div class=\"elementor-element elementor-element-c8046ba elementor-widget elementor-widget-text-editor\" data-id=\"c8046ba\" data-element_type=\"widget\" data-e-type=\"widget\" data-widget_type=\"text-editor.default\"><div class=\"elementor-widget-container\"><b>Advogado Brasileiro<\/b> informa sobre a pol\u00edtica de privacidade do seu site: <a href=\"https:\/\/divorciointeligente.com\/pt-br\/\"><b>https:\/\/divorciointeligente.com\/<\/b><\/a><\/div><\/div><\/div><\/div><div class=\"elementor-element elementor-element-ca1b27d e-flex e-con-boxed wpr-particle-no wpr-jarallax-no wpr-parallax-no wpr-sticky-section-no e-con e-parent e-lazyloaded\" data-id=\"ca1b27d\" data-element_type=\"container\" data-e-type=\"container\"><div class=\"e-con-inner\"><div class=\"elementor-element elementor-element-63afe8d elementor-widget elementor-widget-heading\" data-id=\"63afe8d\" data-element_type=\"widget\" data-e-type=\"widget\" data-widget_type=\"heading.default\"><div class=\"elementor-widget-container\"><h2 class=\"elementor-heading-title elementor-size-default\">1. Informa\u00e7\u00f5es ao usu\u00e1rio<\/h2><\/div><\/div><div class=\"elementor-element elementor-element-9fb03d8 elementor-widget elementor-widget-text-editor\" data-id=\"9fb03d8\" data-element_type=\"widget\" data-e-type=\"widget\" data-widget_type=\"text-editor.default\"><div class=\"elementor-widget-container\"><p><strong>Advogado Brasileiro<\/strong>, na qualidade de Respons\u00e1vel pelo Tratamento de Dados, informa que, de acordo com o disposto no Regulamento (UE) 2016\/679, de 27 de abril (RGPD), bem como na Lei Org\u00e2nica 3\/2018, de 5 de dezembro, de prote\u00e7\u00e3o de dados e garantia dos direitos digitais (LOPDGDD), procederemos ao tratamento dos seus dados conforme descrito nesta Pol\u00edtica de Privacidade.<\/p><p>Nesta Pol\u00edtica de Privacidade, descrevemos como obtemos seus dados pessoais, os motivos pelos quais o fazemos, o uso que lhes damos, com quem os compartilhamos, as medidas que adotamos para proteg\u00ea-los e as op\u00e7\u00f5es que o(a) senhor(a) tem em rela\u00e7\u00e3o ao tratamento dos seus dados pessoais.<\/p><p>Esta Pol\u00edtica aplica-se ao tratamento de dados pessoais coletados por nossa empresa no contexto da presta\u00e7\u00e3o de nossos servi\u00e7os. Ao aceitar as condi\u00e7\u00f5es desta Pol\u00edtica, o(a) senhor(a) est\u00e1 consentindo com o tratamento dos seus dados pessoais conforme estipulado neste documento. <\/p><\/div><\/div><\/div><\/div><div class=\"elementor-element elementor-element-47f5aa2 e-flex e-con-boxed wpr-particle-no wpr-jarallax-no wpr-parallax-no wpr-sticky-section-no e-con e-parent e-lazyloaded\" data-id=\"47f5aa2\" data-element_type=\"container\" data-e-type=\"container\"><div class=\"e-con-inner\"><div class=\"elementor-element elementor-element-db8e7ba elementor-widget elementor-widget-heading\" data-id=\"db8e7ba\" data-element_type=\"widget\" data-e-type=\"widget\" data-widget_type=\"heading.default\"><div class=\"elementor-widget-container\"><h2 class=\"elementor-heading-title elementor-size-default\">2. Contato<\/h2><\/div><\/div><div class=\"elementor-element elementor-element-7774b9d elementor-widget elementor-widget-text-editor\" data-id=\"7774b9d\" data-element_type=\"widget\" data-e-type=\"widget\" data-widget_type=\"text-editor.default\"><div class=\"elementor-widget-container\"><p>Raz\u00e3o social: <strong>Advogado Brasileiro<\/strong><\/p><p>Nome comercial: <strong>Divorcio Inteligente<\/strong><\/p><p>NIF\/NIE:  <\/p><p>Endere\u00e7o:<b> C\/ de Sta. Virgilia, 3, Esc. Drcha, Bajo B, Hortaleza, 28033 Madrid<\/b><\/p><p>e-mail: <strong>contacto@advogadobrasileiro.com<\/strong><\/p><\/div><\/div><\/div><\/div><div class=\"elementor-element elementor-element-86624b0 e-flex e-con-boxed wpr-particle-no wpr-jarallax-no wpr-parallax-no wpr-sticky-section-no e-con e-parent e-lazyloaded\" data-id=\"86624b0\" data-element_type=\"container\" data-e-type=\"container\"><div class=\"e-con-inner\"><div class=\"elementor-element elementor-element-9df6309 elementor-widget elementor-widget-heading\" data-id=\"9df6309\" data-element_type=\"widget\" data-e-type=\"widget\" data-widget_type=\"heading.default\"><div class=\"elementor-widget-container\"><h2 class=\"elementor-heading-title elementor-size-default\">3. Informa\u00e7\u00f5es ao usu\u00e1rio<\/h2><\/div><\/div><div class=\"elementor-element elementor-element-389a6a4 elementor-widget elementor-widget-text-editor\" data-id=\"389a6a4\" data-element_type=\"widget\" data-e-type=\"widget\" data-widget_type=\"text-editor.default\"><div class=\"elementor-widget-container\"><p>Sempre mantivemos nosso firme compromisso de oferecer servi\u00e7os da mais alta qualidade, o que inclui o tratamento dos seus dados com total seguran\u00e7a e transpar\u00eancia.<\/p><p>Nossos princ\u00edpios s\u00e3o os seguintes:<\/p><ul><li><strong>Legalidade<\/strong>: Coletamos seus dados pessoais apenas para finalidades espec\u00edficas, claras e leg\u00edtimas.<\/li><li><strong>Minimiza\u00e7\u00e3o de dados<\/strong>: Garantimos coletar apenas os dados pessoais estritamente necess\u00e1rios e pertinentes para as finalidades indicadas.<\/li><li><strong>Limita\u00e7\u00e3o da finalidade<\/strong>: Tratamos seus dados pessoais exclusivamente para os objetivos previamente comunicados e de acordo com suas prefer\u00eancias.<\/li><li><strong>Precis\u00e3o<\/strong>: Comprometemo-nos a manter seus dados pessoais exatos e atualizados.<\/li><li><strong>Seguran\u00e7a dos dados<\/strong>: Implementamos medidas t\u00e9cnicas e organizacionais apropriadas para proteger seus dados contra qualquer tratamento n\u00e3o autorizado.<\/li><li><strong>Acesso e retifica\u00e7\u00e3o<\/strong>: Disponibilizamos mecanismos para que o(a) senhor(a) possa acessar ou corrigir seus dados quando considerar necess\u00e1rio.<\/li><li><strong>Conserva\u00e7\u00e3o<\/strong>: Mantemos seus dados pessoais de forma legal e adequada, apenas pelo tempo necess\u00e1rio para cumprir as finalidades estabelecidas.<\/li><li><strong>Transfer\u00eancias internacionais<\/strong>: Se seus dados forem transferidos para fora da UE\/EEE, garantimos que estar\u00e3o devidamente protegidos.<\/li><li><strong>Terceiros<\/strong>: O acesso e a transfer\u00eancia dos seus dados a terceiros s\u00e3o realizados conforme as leis e regulamentos aplic\u00e1veis, com as devidas garantias contratuais.<\/li><li><strong>Marketing direto e cookies<\/strong>: Cumprimos a normativa vigente em mat\u00e9ria de publicidade e uso de cookies.<\/li><\/ul><\/div><\/div><\/div><\/div><div class=\"elementor-element elementor-element-ad6ceff e-flex e-con-boxed wpr-particle-no wpr-jarallax-no wpr-parallax-no wpr-sticky-section-no e-con e-parent e-lazyloaded\" data-id=\"ad6ceff\" data-element_type=\"container\" data-e-type=\"container\"><div class=\"e-con-inner\"><div class=\"elementor-element elementor-element-515e432 elementor-widget elementor-widget-heading\" data-id=\"515e432\" data-element_type=\"widget\" data-e-type=\"widget\" data-widget_type=\"heading.default\"><div class=\"elementor-widget-container\"><h2 class=\"elementor-heading-title elementor-size-default\">4. Coleta e tratamento dos seus dados pessoais<\/h2><\/div><\/div><div class=\"elementor-element elementor-element-a0af4eb elementor-widget elementor-widget-text-editor\" data-id=\"a0af4eb\" data-element_type=\"widget\" data-e-type=\"widget\" data-widget_type=\"text-editor.default\"><div class=\"elementor-widget-container\"><p>Os tipos de dados que poderemos solicitar e tratar incluem:<\/p><ul><li><strong>Dados de identifica\u00e7\u00e3o<\/strong>.<\/li><\/ul><p>Al\u00e9m disso, coletamos automaticamente informa\u00e7\u00f5es relacionadas \u00e0 sua visita ao nosso site, conforme detalhado em nossa pol\u00edtica de cookies.<\/p><p>Sempre que precisarmos dos seus dados pessoais, informaremos claramente quais dados estamos coletando e a finalidade espec\u00edfica dessa coleta. Em termos gerais, coletamos e tratamos seus dados pessoais com os seguintes objetivos: <\/p><ul><li><strong>Fornecer informa\u00e7\u00f5es, servi\u00e7os, produtos, novidades relevantes do setor e comunica\u00e7\u00f5es<\/strong>.<\/li><li><strong>Cumprimento da legalidade<\/strong>: Coletamos seus dados pessoais apenas para finalidades espec\u00edficas, claras e leg\u00edtimas.<\/li><li><strong>Minimiza\u00e7\u00e3o de dados<\/strong>: Garantimos que a coleta de dados pessoais se limite ao estritamente necess\u00e1rio e relevante para as finalidades definidas.<\/li><li><strong>Limita\u00e7\u00e3o da finalidade<\/strong>: Trataremos seus dados pessoais apenas para as finalidades indicadas e conforme suas prefer\u00eancias.<\/li><li><strong>Precis\u00e3o<\/strong>: Comprometemo-nos a manter seus dados pessoais corretos e atualizados.<\/li><li><strong>Seguran\u00e7a dos dados<\/strong>: Implementamos medidas t\u00e9cnicas e organizacionais adequadas para proteger seus dados contra qualquer tratamento il\u00edcito.<\/li><li><strong>Acesso e retifica\u00e7\u00e3o<\/strong>: Oferecemos mecanismos para que o(a) senhor(a) possa acessar ou corrigir seus dados quando necess\u00e1rio.<\/li><li><strong>Conserva\u00e7\u00e3o<\/strong>: Armazenamos seus dados pessoais de forma legal e adequada, apenas pelo tempo necess\u00e1rio para cumprir as finalidades estipuladas.<\/li><li><strong>Transfer\u00eancias internacionais<\/strong>: Se for necess\u00e1ria a transfer\u00eancia dos seus dados para fora da UE\/EEE, garantimos que estar\u00e3o devidamente protegidos.<\/li><li><strong>Terceiros<\/strong>: O acesso e a transfer\u00eancia dos seus dados a terceiros ser\u00e3o realizados conforme as leis e normas aplic\u00e1veis, com as garantias contratuais necess\u00e1rias.<\/li><li><strong>Marketing direto e cookies<\/strong>: Cumprimos a normativa vigente no que diz respeito \u00e0 publicidade e ao uso de cookies.<\/li><\/ul><\/div><\/div><\/div><\/div><div class=\"elementor-element elementor-element-af144ea e-flex e-con-boxed wpr-particle-no wpr-jarallax-no wpr-parallax-no wpr-sticky-section-no e-con e-parent e-lazyloaded\" data-id=\"af144ea\" data-element_type=\"container\" data-e-type=\"container\"><div class=\"e-con-inner\"><div class=\"elementor-element elementor-element-e2bf122 elementor-widget elementor-widget-heading\" data-id=\"e2bf122\" data-element_type=\"widget\" data-e-type=\"widget\" data-widget_type=\"heading.default\"><div class=\"elementor-widget-container\"><h2 class=\"elementor-heading-title elementor-size-default\">5. Base legal<\/h2><\/div><\/div><div class=\"elementor-element elementor-element-c645591 elementor-widget elementor-widget-text-editor\" data-id=\"c645591\" data-element_type=\"widget\" data-e-type=\"widget\" data-widget_type=\"text-editor.default\"><div class=\"elementor-widget-container\"><p>De acordo com a normativa vigente de prote\u00e7\u00e3o de dados, seus dados pessoais poder\u00e3o ser tratados desde que se cumpra alguma das seguintes circunst\u00e2ncias:<\/p><ul><li>O(a) senhor(a) concedeu seu consentimento para o tratamento, o qual poder\u00e1 revogar a qualquer momento.<\/li><li>Existe uma obriga\u00e7\u00e3o legal que justifica o tratamento dos seus dados.<\/li><li>Existe um interesse leg\u00edtimo que n\u00e3o compromete seus direitos de privacidade, como o envio de informa\u00e7\u00f5es comerciais por meio da nossa Newsletter ou na sua qualidade de cliente.<\/li><li>\u00c9 necess\u00e1rio para a presta\u00e7\u00e3o de algum de nossos servi\u00e7os no \u00e2mbito de uma rela\u00e7\u00e3o contratual estabelecida entre o(a) senhor(a) e n\u00f3s.<\/li><\/ul><\/div><\/div><\/div><\/div><div class=\"elementor-element elementor-element-a81bd5c e-flex e-con-boxed wpr-particle-no wpr-jarallax-no wpr-parallax-no wpr-sticky-section-no e-con e-parent e-lazyloaded\" data-id=\"a81bd5c\" data-element_type=\"container\" data-e-type=\"container\"><div class=\"e-con-inner\"><div class=\"elementor-element elementor-element-b7fc4b2 elementor-widget elementor-widget-heading\" data-id=\"b7fc4b2\" data-element_type=\"widget\" data-e-type=\"widget\" data-widget_type=\"heading.default\"><div class=\"elementor-widget-container\"><h2 class=\"elementor-heading-title elementor-size-default\">6. Comunica\u00e7\u00e3o de dados pessoais<\/h2><\/div><\/div><div class=\"elementor-element elementor-element-13bc721 elementor-widget elementor-widget-text-editor\" data-id=\"13bc721\" data-element_type=\"widget\" data-e-type=\"widget\" data-widget_type=\"text-editor.default\"><div class=\"elementor-widget-container\"><p>Os dados podem ser compartilhados com empresas que colaboram com <strong>Advogado Brasileiro<\/strong> para a presta\u00e7\u00e3o de diferentes servi\u00e7os, na qualidade de Operadores do Tratamento. A empresa n\u00e3o realizar\u00e1 qualquer cess\u00e3o de dados, salvo se houver uma obriga\u00e7\u00e3o legal que o exija. <\/p><\/div><\/div><\/div><\/div><div class=\"elementor-element elementor-element-c8abb9f e-flex e-con-boxed wpr-particle-no wpr-jarallax-no wpr-parallax-no wpr-sticky-section-no e-con e-parent e-lazyloaded\" data-id=\"c8abb9f\" data-element_type=\"container\" data-e-type=\"container\"><div class=\"e-con-inner\"><div class=\"elementor-element elementor-element-31fc23b elementor-widget elementor-widget-heading\" data-id=\"31fc23b\" data-element_type=\"widget\" data-e-type=\"widget\" data-widget_type=\"heading.default\"><div class=\"elementor-widget-container\"><h2 class=\"elementor-heading-title elementor-size-default\">7. Seus direitos<\/h2><\/div><\/div><div class=\"elementor-element elementor-element-db90a64 elementor-widget elementor-widget-text-editor\" data-id=\"db90a64\" data-element_type=\"widget\" data-e-type=\"widget\" data-widget_type=\"text-editor.default\"><div class=\"elementor-widget-container\">No que diz respeito \u00e0 coleta e ao tratamento dos seus dados pessoais, o(a) senhor(a) pode entrar em contato conosco a qualquer momento para:<ul><li>Acessar seus dados pessoais e obter as informa\u00e7\u00f5es indicadas no Artigo 15.1 do RGPD.<\/li><li>Retificar qualquer dado pessoal que esteja incorreto ou incompleto, conforme o Artigo 16 do RGPD.<\/li><li>Solicitar a exclus\u00e3o dos seus dados pessoais, de acordo com o estabelecido no Artigo 17 do RGPD.<\/li><li>Restringir o tratamento dos seus dados pessoais conforme o Artigo 18 do RGPD.<\/li><li>Solicitar a portabilidade dos seus dados conforme o Artigo 20 do RGPD.<\/li><li>Opor-se ao tratamento dos seus dados pessoais conforme o Artigo 21 do RGPD.<\/li><\/ul>Se o(a) senhor(a) tiver dado seu consentimento para uma finalidade espec\u00edfica, tem o direito de retirar esse consentimento a qualquer momento, sem que isso afete a legalidade do tratamento realizado antes da retirada. O(a) senhor(a) pode exercer esses direitos enviando uma solicita\u00e7\u00e3o fundamentada e comprovada para o seguinte endere\u00e7o: Al\u00e9m disso, tem o direito de apresentar uma reclama\u00e7\u00e3o perante a Autoridade de Controle competente (<a href=\"http:\/\/www.aepd.es\/\" target=\"_new\" rel=\"noopener nofollow\">www.aepd.es<\/a>) se considerar que o tratamento dos seus dados n\u00e3o cumpre a normativa vigente. <\/div><\/div><\/div><\/div><div class=\"elementor-element elementor-element-006aa23 e-flex e-con-boxed wpr-particle-no wpr-jarallax-no wpr-parallax-no wpr-sticky-section-no e-con e-parent e-lazyloaded\" data-id=\"006aa23\" data-element_type=\"container\" data-e-type=\"container\"><div class=\"e-con-inner\"><div class=\"elementor-element elementor-element-7725156 elementor-widget elementor-widget-heading\" data-id=\"7725156\" data-element_type=\"widget\" data-e-type=\"widget\" data-widget_type=\"heading.default\"><div class=\"elementor-widget-container\"><h2 class=\"elementor-heading-title elementor-size-default\">8. Informa\u00e7\u00f5es legais<\/h2><\/div><\/div><div class=\"elementor-element elementor-element-4b76487 elementor-widget elementor-widget-text-editor\" data-id=\"4b76487\" data-element_type=\"widget\" data-e-type=\"widget\" data-widget_type=\"text-editor.default\"><div class=\"elementor-widget-container\"><p>Os termos estabelecidos nesta Pol\u00edtica somam-se, e n\u00e3o substituem, quaisquer outros requisitos vigentes sob a lei de prote\u00e7\u00e3o de dados aplic\u00e1vel, a qual prevalecer\u00e1 em todos os casos.<\/p><p>Esta Pol\u00edtica est\u00e1 sujeita a revis\u00f5es peri\u00f3dicas, e a empresa se reserva o direito de modific\u00e1-la a qualquer momento. Se forem realizadas altera\u00e7\u00f5es, n\u00f3s o(a) notificaremos e solicitaremos que revise a vers\u00e3o mais atualizada da nossa Pol\u00edtica, pedindo sua confirma\u00e7\u00e3o de aceita\u00e7\u00e3o. <\/p><\/div><\/div><\/div><\/div>\t\t\t\t\t\t\t\t<\/div>\n\t\t\t\t<\/div>\n\t\t\t\t\t<\/div>\n\t\t\t\t<\/div>\n\t\t\t\t<\/div>\n\t\t","protected":false},"excerpt":{"rendered":"<p>Pol\u00edtica de Privacidade Inicio Pol\u00edtica de Privacidade Advogado Brasileiro informa sobre a pol\u00edtica de privacidade do seu site: https:\/\/divorciointeligente.com\/ 1. Informa\u00e7\u00f5es ao usu\u00e1rio Advogado Brasileiro, na qualidade de Respons\u00e1vel pelo Tratamento de Dados, informa que, de acordo com o disposto no Regulamento (UE) 2016\/679, de 27 de abril (RGPD), bem como na Lei Org\u00e2nica 3\/2018, [&hellip;]<\/p>\n","protected":false},"author":1,"featured_media":0,"parent":0,"menu_order":0,"comment_status":"closed","ping_status":"closed","template":"","meta":{"_acf_changed":false,"footnotes":""},"class_list":["post-1847","page","type-page","status-publish","hentry"],"acf":[],"_links":{"self":[{"href":"https:\/\/divorciointeligente.com\/pt-br\/wp-json\/wp\/v2\/pages\/1847","targetHints":{"allow":["GET"]}}],"collection":[{"href":"https:\/\/divorciointeligente.com\/pt-br\/wp-json\/wp\/v2\/pages"}],"about":[{"href":"https:\/\/divorciointeligente.com\/pt-br\/wp-json\/wp\/v2\/types\/page"}],"author":[{"embeddable":true,"href":"https:\/\/divorciointeligente.com\/pt-br\/wp-json\/wp\/v2\/users\/1"}],"replies":[{"embeddable":true,"href":"https:\/\/divorciointeligente.com\/pt-br\/wp-json\/wp\/v2\/comments?post=1847"}],"version-history":[{"count":1,"href":"https:\/\/divorciointeligente.com\/pt-br\/wp-json\/wp\/v2\/pages\/1847\/revisions"}],"predecessor-version":[{"id":1849,"href":"https:\/\/divorciointeligente.com\/pt-br\/wp-json\/wp\/v2\/pages\/1847\/revisions\/1849"}],"wp:attachment":[{"href":"https:\/\/divorciointeligente.com\/pt-br\/wp-json\/wp\/v2\/media?parent=1847"}],"curies":[{"name":"wp","href":"https:\/\/api.w.org\/{rel}","templated":true}]}}